{"id":951,"date":"2025-09-13T18:25:25","date_gmt":"2025-09-14T00:25:25","guid":{"rendered":"https:\/\/portal.pronea.gt\/?page_id=951"},"modified":"2026-04-14T10:26:02","modified_gmt":"2026-04-14T16:26:02","slug":"recursos-educativos-del-area-de-matematicas","status":"publish","type":"page","link":"https:\/\/portal.pronea.gt\/?page_id=951","title":{"rendered":"Recursos educativos"},"content":{"rendered":"<div id=\"cmsmasters_row_gqio9dwzno\" class=\"cmsmasters_row cmsmasters_color_scheme_default cmsmasters_row_top_default cmsmasters_row_bot_default cmsmasters_row_boxed\">\n<div class=\"cmsmasters_row_outer_parent\">\n<div class=\"cmsmasters_row_outer\">\n<div class=\"cmsmasters_row_inner\">\n<div class=\"cmsmasters_row_margin\">\n<div id=\"cmsmasters_column_e3ktbq8y5l\" class=\"cmsmasters_column one_first\">\n<div class=\"cmsmasters_column_inner\"><div class=\"cmsmasters_text\" data-animation=\"fadeIn\" data-delay=\"0\">\n<div id=\"bdpp-post-list-1\" class=\"bdpp-wrap bdpp-lite bdpp-post-list-wrap bdpp-post-data-wrap bdpp-design-1 bdpp-layout-950 bdpp-clearfix\">\r\n\t<div class=\"bdpp-post-list-inr-wrap bdpp-post-data-inr-wrap bdpp-clearfix\"><div class=\"bdpp-post-list-main bdpp-post-2565 bdpp-post-standard bdpp-has-thumb\">\r\n\t<div class=\"bdpp-post-list-content bdpp-clearfix\">\r\n\t\t\t\t<div class=\"bdpp-post-list-left bdpp-col-2 bdpp-columns\">\r\n\t\t\t<div class=\"bdpp-post-img-bg\">\r\n\t\t\t\t<a href=\"https:\/\/portal.pronea.gt\/?p=2565\">\r\n\t\t\t\t\t<img decoding=\"async\" src=\"https:\/\/portal.pronea.gt\/wp-content\/uploads\/2026\/08\/Procesadores-de-texto-640x480.webp\" class=\"bdpp-img bdpp-post-feat-img\" alt=\"Procesadores de texto: funciones, herramientas y aplicaciones\" \/>\r\n\t\t\t\t\t\t\t\t\t<\/a>\r\n\t\t\t<\/div>\r\n\t\t<\/div>\r\n\t\t\r\n\t\t<div class=\"bdpp-post-list-right bdpp-col-2 bdpp-columns\">\r\n\t\t\t\t\t\t<div class=\"bdpp-post-cats\"><a class=\"bdpp-post-cat-link bdpp-post-cat-114 bdpp-post-cat-area-de-emprendimiento\" href=\"https:\/\/portal.pronea.gt\/?cat=114\">\u00c1rea de Emprendimiento<\/a> <a class=\"bdpp-post-cat-link bdpp-post-cat-39 bdpp-post-cat-recursos\" href=\"https:\/\/portal.pronea.gt\/?cat=39\">Recursos educativos<\/a><\/div>\r\n\t\t\t\r\n\t\t\t<h2 class=\"bdpp-post-title\">\r\n\t\t\t\t<a href=\"https:\/\/portal.pronea.gt\/?p=2565\">Procesadores de texto: funciones, herramientas y aplicaciones<\/a>\r\n\t\t\t<\/h2>\r\n\r\n\t\t\t\t\t\t<div class=\"bdpp-post-meta bdpp-post-meta-up\">\r\n\t\t\t\t<span class=\"bdpp-post-meta-data bdpp-post-author\"><i class=\"bdpp-fa fa-solid fa-user\"><\/i>Sic<\/span><span class=\"bdpp-post-meta-sep\"> &ndash; <\/span><span class=\"bdpp-post-meta-data bdpp-post-date\"><i class=\"bdpp-fa fa-regular fa-clock\"><\/i>4 septiembre, 2026<\/span>\t\t\t<\/div>\r\n\t\t\t\t\t\t<div class=\"bdpp-post-content\">\r\n\t\t\t\t<div class=\"bdpp-post-desc\">\u00bfQu\u00e9 es un procesador de texto? \u00bfSab\u00edas que un procesador de texto es un programa dise\u00f1ado para escribir y editar...<\/div>\r\n\t\t\t\t\t\t\t\t\t<a href=\"https:\/\/portal.pronea.gt\/?p=2565\" class=\"bdpp-rdmr-btn\">Leer m\u00e1s ...<\/a>\r\n\t\t\t\t\t\t\t<\/div>\r\n\t\t\t\t\t\t<div class=\"bdpp-post-meta bdpp-post-meta-down\"><span class=\"bdpp-post-meta-data bdpp-post-tags\"><i class=\"bdpp-fa fa-solid fa-tags\"><\/i><a class=\"bdpp-post-cat-link bdpp-post-cat-172 bdpp-post-cat-educacion-para-adultos\" href=\"https:\/\/portal.pronea.gt\/?tag=educacion-para-adultos\">Educaci\u00f3n para adultos<\/a>, <a class=\"bdpp-post-cat-link bdpp-post-cat-115 bdpp-post-cat-emprendimiento\" href=\"https:\/\/portal.pronea.gt\/?tag=emprendimiento\">Emprendimiento<\/a>, <a class=\"bdpp-post-cat-link bdpp-post-cat-122 bdpp-post-cat-emprendimiento-y-productividad\" href=\"https:\/\/portal.pronea.gt\/?tag=emprendimiento-y-productividad\">Emprendimiento y Productividad<\/a>, <a class=\"bdpp-post-cat-link bdpp-post-cat-333 bdpp-post-cat-google-docs\" href=\"https:\/\/portal.pronea.gt\/?tag=google-docs\">google docs<\/a>, <a class=\"bdpp-post-cat-link bdpp-post-cat-76 bdpp-post-cat-guatemala\" href=\"https:\/\/portal.pronea.gt\/?tag=guatemala\">Guatemala<\/a>, <a class=\"bdpp-post-cat-link bdpp-post-cat-334 bdpp-post-cat-libre-office\" href=\"https:\/\/portal.pronea.gt\/?tag=libre-office\">libre office<\/a>, <a class=\"bdpp-post-cat-link bdpp-post-cat-332 bdpp-post-cat-microsoft-word\" href=\"https:\/\/portal.pronea.gt\/?tag=microsoft-word\">microsoft word<\/a>, <a class=\"bdpp-post-cat-link bdpp-post-cat-171 bdpp-post-cat-ministerio-de-educacion\" href=\"https:\/\/portal.pronea.gt\/?tag=ministerio-de-educacion\">Ministerio de Educaci\u00f3n<\/a>, <a class=\"bdpp-post-cat-link bdpp-post-cat-331 bdpp-post-cat-procesadores-de-texto\" href=\"https:\/\/portal.pronea.gt\/?tag=procesadores-de-texto\">Procesadores de texto<\/a>, <a class=\"bdpp-post-cat-link bdpp-post-cat-116 bdpp-post-cat-productividad\" href=\"https:\/\/portal.pronea.gt\/?tag=productividad\">Productividad<\/a>, <a class=\"bdpp-post-cat-link bdpp-post-cat-57 bdpp-post-cat-pronea\" href=\"https:\/\/portal.pronea.gt\/?tag=pronea\">Pronea<\/a>, <a class=\"bdpp-post-cat-link bdpp-post-cat-335 bdpp-post-cat-tecnologia\" href=\"https:\/\/portal.pronea.gt\/?tag=tecnologia\">tecnolog\u00eda<\/a><\/span><\/div>\r\n\t\t\t\t\t<\/div>\r\n\t<\/div>\r\n<\/div><div class=\"bdpp-post-list-main bdpp-post-2560 bdpp-post-standard bdpp-has-thumb\">\r\n\t<div class=\"bdpp-post-list-content bdpp-clearfix\">\r\n\t\t\t\t<div class=\"bdpp-post-list-left bdpp-col-2 bdpp-columns\">\r\n\t\t\t<div class=\"bdpp-post-img-bg\">\r\n\t\t\t\t<a href=\"https:\/\/portal.pronea.gt\/?p=2560\">\r\n\t\t\t\t\t<img decoding=\"async\" src=\"https:\/\/portal.pronea.gt\/wp-content\/uploads\/2026\/08\/Gestio\u0301n-de-emergencias-640x480.webp\" class=\"bdpp-img bdpp-post-feat-img\" alt=\"Gesti\u00f3n de emergencias en Guatemala: prevenci\u00f3n y respuesta ante desastres\" \/>\r\n\t\t\t\t\t\t\t\t\t<\/a>\r\n\t\t\t<\/div>\r\n\t\t<\/div>\r\n\t\t\r\n\t\t<div class=\"bdpp-post-list-right bdpp-col-2 bdpp-columns\">\r\n\t\t\t\t\t\t<div class=\"bdpp-post-cats\"><a class=\"bdpp-post-cat-link bdpp-post-cat-111 bdpp-post-cat-area-de-ciencias-naturales\" href=\"https:\/\/portal.pronea.gt\/?cat=111\">\u00c1rea de Ciencias Naturales<\/a> <a class=\"bdpp-post-cat-link bdpp-post-cat-39 bdpp-post-cat-recursos\" href=\"https:\/\/portal.pronea.gt\/?cat=39\">Recursos educativos<\/a><\/div>\r\n\t\t\t\r\n\t\t\t<h2 class=\"bdpp-post-title\">\r\n\t\t\t\t<a href=\"https:\/\/portal.pronea.gt\/?p=2560\">Gesti\u00f3n de emergencias en Guatemala: prevenci\u00f3n y respuesta ante desastres<\/a>\r\n\t\t\t<\/h2>\r\n\r\n\t\t\t\t\t\t<div class=\"bdpp-post-meta bdpp-post-meta-up\">\r\n\t\t\t\t<span class=\"bdpp-post-meta-data bdpp-post-author\"><i class=\"bdpp-fa fa-solid fa-user\"><\/i>Sic<\/span><span class=\"bdpp-post-meta-sep\"> &ndash; <\/span><span class=\"bdpp-post-meta-data bdpp-post-date\"><i class=\"bdpp-fa fa-regular fa-clock\"><\/i>3 septiembre, 2026<\/span>\t\t\t<\/div>\r\n\t\t\t\t\t\t<div class=\"bdpp-post-content\">\r\n\t\t\t\t<div class=\"bdpp-post-desc\">Guatemala y las amenazas naturales: c\u00f3mo gestiona las emergencias \u00bfSab\u00edas que Guatemala es un pa\u00eds hermoso, pero su ubicaci\u00f3n geogr\u00e1fica...<\/div>\r\n\t\t\t\t\t\t\t\t\t<a href=\"https:\/\/portal.pronea.gt\/?p=2560\" class=\"bdpp-rdmr-btn\">Leer m\u00e1s ...<\/a>\r\n\t\t\t\t\t\t\t<\/div>\r\n\t\t\t\t\t\t<div class=\"bdpp-post-meta bdpp-post-meta-down\"><span class=\"bdpp-post-meta-data bdpp-post-tags\"><i class=\"bdpp-fa fa-solid fa-tags\"><\/i><a class=\"bdpp-post-cat-link bdpp-post-cat-112 bdpp-post-cat-ciencias-naturales\" href=\"https:\/\/portal.pronea.gt\/?tag=ciencias-naturales\">Ciencias Naturales<\/a>, <a class=\"bdpp-post-cat-link bdpp-post-cat-311 bdpp-post-cat-conred\" href=\"https:\/\/portal.pronea.gt\/?tag=conred\">conred<\/a>, <a class=\"bdpp-post-cat-link bdpp-post-cat-312 bdpp-post-cat-desastres-naturales\" href=\"https:\/\/portal.pronea.gt\/?tag=desastres-naturales\">desastres naturales<\/a>, <a class=\"bdpp-post-cat-link bdpp-post-cat-77 bdpp-post-cat-educacion-alternativa\" href=\"https:\/\/portal.pronea.gt\/?tag=educacion-alternativa\">Educaci\u00f3n Alternativa<\/a>, <a class=\"bdpp-post-cat-link bdpp-post-cat-172 bdpp-post-cat-educacion-para-adultos\" href=\"https:\/\/portal.pronea.gt\/?tag=educacion-para-adultos\">Educaci\u00f3n para adultos<\/a>, <a class=\"bdpp-post-cat-link bdpp-post-cat-329 bdpp-post-cat-gestion-de-emergencias\" href=\"https:\/\/portal.pronea.gt\/?tag=gestion-de-emergencias\">Gesti\u00f3n de emergencias<\/a>, <a class=\"bdpp-post-cat-link bdpp-post-cat-330 bdpp-post-cat-gestion-de-riesgo\" href=\"https:\/\/portal.pronea.gt\/?tag=gestion-de-riesgo\">gesti\u00f3n de riesgo<\/a>, <a class=\"bdpp-post-cat-link bdpp-post-cat-171 bdpp-post-cat-ministerio-de-educacion\" href=\"https:\/\/portal.pronea.gt\/?tag=ministerio-de-educacion\">Ministerio de Educaci\u00f3n<\/a>, <a class=\"bdpp-post-cat-link bdpp-post-cat-310 bdpp-post-cat-prevencion-de-desastres\" href=\"https:\/\/portal.pronea.gt\/?tag=prevencion-de-desastres\">prevenci\u00f3n de desastres<\/a>, <a class=\"bdpp-post-cat-link bdpp-post-cat-57 bdpp-post-cat-pronea\" href=\"https:\/\/portal.pronea.gt\/?tag=pronea\">Pronea<\/a><\/span><\/div>\r\n\t\t\t\t\t<\/div>\r\n\t<\/div>\r\n<\/div><div class=\"bdpp-post-list-main bdpp-post-2556 bdpp-post-standard bdpp-has-thumb\">\r\n\t<div class=\"bdpp-post-list-content bdpp-clearfix\">\r\n\t\t\t\t<div class=\"bdpp-post-list-left bdpp-col-2 bdpp-columns\">\r\n\t\t\t<div class=\"bdpp-post-img-bg\">\r\n\t\t\t\t<a href=\"https:\/\/portal.pronea.gt\/?p=2556\">\r\n\t\t\t\t\t<img decoding=\"async\" src=\"https:\/\/portal.pronea.gt\/wp-content\/uploads\/2026\/08\/Causas-de-la-migracio\u0301n-640x480.webp\" class=\"bdpp-img bdpp-post-feat-img\" alt=\"Causas de la migraci\u00f3n: \u00bfPor qu\u00e9 las personas migran?\" \/>\r\n\t\t\t\t\t\t\t\t\t<\/a>\r\n\t\t\t<\/div>\r\n\t\t<\/div>\r\n\t\t\r\n\t\t<div class=\"bdpp-post-list-right bdpp-col-2 bdpp-columns\">\r\n\t\t\t\t\t\t<div class=\"bdpp-post-cats\"><a class=\"bdpp-post-cat-link bdpp-post-cat-108 bdpp-post-cat-area-de-ciencias-sociales\" href=\"https:\/\/portal.pronea.gt\/?cat=108\">\u00c1rea de Ciencias Sociales<\/a> <a class=\"bdpp-post-cat-link bdpp-post-cat-39 bdpp-post-cat-recursos\" href=\"https:\/\/portal.pronea.gt\/?cat=39\">Recursos educativos<\/a><\/div>\r\n\t\t\t\r\n\t\t\t<h2 class=\"bdpp-post-title\">\r\n\t\t\t\t<a href=\"https:\/\/portal.pronea.gt\/?p=2556\">Causas de la migraci\u00f3n: \u00bfPor qu\u00e9 las personas migran?<\/a>\r\n\t\t\t<\/h2>\r\n\r\n\t\t\t\t\t\t<div class=\"bdpp-post-meta bdpp-post-meta-up\">\r\n\t\t\t\t<span class=\"bdpp-post-meta-data bdpp-post-author\"><i class=\"bdpp-fa fa-solid fa-user\"><\/i>Sic<\/span><span class=\"bdpp-post-meta-sep\"> &ndash; <\/span><span class=\"bdpp-post-meta-data bdpp-post-date\"><i class=\"bdpp-fa fa-regular fa-clock\"><\/i>2 septiembre, 2026<\/span>\t\t\t<\/div>\r\n\t\t\t\t\t\t<div class=\"bdpp-post-content\">\r\n\t\t\t\t<div class=\"bdpp-post-desc\">Am\u00e9rica, un continente en movimiento: causas de la migraci\u00f3n \u00bfSab\u00edas que Am\u00e9rica es un continente diverso y lleno de movimiento?...<\/div>\r\n\t\t\t\t\t\t\t\t\t<a href=\"https:\/\/portal.pronea.gt\/?p=2556\" class=\"bdpp-rdmr-btn\">Leer m\u00e1s ...<\/a>\r\n\t\t\t\t\t\t\t<\/div>\r\n\t\t\t\t\t\t<div class=\"bdpp-post-meta bdpp-post-meta-down\"><span class=\"bdpp-post-meta-data bdpp-post-tags\"><i class=\"bdpp-fa fa-solid fa-tags\"><\/i><a class=\"bdpp-post-cat-link bdpp-post-cat-327 bdpp-post-cat-causas-de-la-migracion\" href=\"https:\/\/portal.pronea.gt\/?tag=causas-de-la-migracion\">causas de la migraci\u00f3n<\/a>, <a class=\"bdpp-post-cat-link bdpp-post-cat-109 bdpp-post-cat-ciencias-sociales\" href=\"https:\/\/portal.pronea.gt\/?tag=ciencias-sociales\">Ciencias Sociales<\/a>, <a class=\"bdpp-post-cat-link bdpp-post-cat-105 bdpp-post-cat-comunicacion-y-lenguaje\" href=\"https:\/\/portal.pronea.gt\/?tag=comunicacion-y-lenguaje\">Comunicaci\u00f3n y Lenguaje<\/a>, <a class=\"bdpp-post-cat-link bdpp-post-cat-194 bdpp-post-cat-diversidad-cultural\" href=\"https:\/\/portal.pronea.gt\/?tag=diversidad-cultural\">diversidad cultural<\/a>, <a class=\"bdpp-post-cat-link bdpp-post-cat-77 bdpp-post-cat-educacion-alternativa\" href=\"https:\/\/portal.pronea.gt\/?tag=educacion-alternativa\">Educaci\u00f3n Alternativa<\/a>, <a class=\"bdpp-post-cat-link bdpp-post-cat-172 bdpp-post-cat-educacion-para-adultos\" href=\"https:\/\/portal.pronea.gt\/?tag=educacion-para-adultos\">Educaci\u00f3n para adultos<\/a>, <a class=\"bdpp-post-cat-link bdpp-post-cat-76 bdpp-post-cat-guatemala\" href=\"https:\/\/portal.pronea.gt\/?tag=guatemala\">Guatemala<\/a>, <a class=\"bdpp-post-cat-link bdpp-post-cat-326 bdpp-post-cat-migracion\" href=\"https:\/\/portal.pronea.gt\/?tag=migracion\">Migraci\u00f3n<\/a>, <a class=\"bdpp-post-cat-link bdpp-post-cat-328 bdpp-post-cat-migracion-en-america\" href=\"https:\/\/portal.pronea.gt\/?tag=migracion-en-america\">migraci\u00f3n en am\u00e9rica<\/a>, <a class=\"bdpp-post-cat-link bdpp-post-cat-171 bdpp-post-cat-ministerio-de-educacion\" href=\"https:\/\/portal.pronea.gt\/?tag=ministerio-de-educacion\">Ministerio de Educaci\u00f3n<\/a>, <a class=\"bdpp-post-cat-link bdpp-post-cat-57 bdpp-post-cat-pronea\" href=\"https:\/\/portal.pronea.gt\/?tag=pronea\">Pronea<\/a><\/span><\/div>\r\n\t\t\t\t\t<\/div>\r\n\t<\/div>\r\n<\/div><div class=\"bdpp-post-list-main bdpp-post-2551 bdpp-post-standard bdpp-has-thumb\">\r\n\t<div class=\"bdpp-post-list-content bdpp-clearfix\">\r\n\t\t\t\t<div class=\"bdpp-post-list-left bdpp-col-2 bdpp-columns\">\r\n\t\t\t<div class=\"bdpp-post-img-bg\">\r\n\t\t\t\t<a href=\"https:\/\/portal.pronea.gt\/?p=2551\">\r\n\t\t\t\t\t<img decoding=\"async\" src=\"https:\/\/portal.pronea.gt\/wp-content\/uploads\/2026\/08\/Funciones-del-lenguaje-640x480.webp\" class=\"bdpp-img bdpp-post-feat-img\" alt=\"Funciones del lenguaje: tipos, caracter\u00edsticas y ejemplos\" \/>\r\n\t\t\t\t\t\t\t\t\t<\/a>\r\n\t\t\t<\/div>\r\n\t\t<\/div>\r\n\t\t\r\n\t\t<div class=\"bdpp-post-list-right bdpp-col-2 bdpp-columns\">\r\n\t\t\t\t\t\t<div class=\"bdpp-post-cats\"><a class=\"bdpp-post-cat-link bdpp-post-cat-51 bdpp-post-cat-area-de-comunicacion-y-lenguaje\" href=\"https:\/\/portal.pronea.gt\/?cat=51\">\u00c1rea de Comunicaci\u00f3n y Lenguaje<\/a> <a class=\"bdpp-post-cat-link bdpp-post-cat-39 bdpp-post-cat-recursos\" href=\"https:\/\/portal.pronea.gt\/?cat=39\">Recursos educativos<\/a><\/div>\r\n\t\t\t\r\n\t\t\t<h2 class=\"bdpp-post-title\">\r\n\t\t\t\t<a href=\"https:\/\/portal.pronea.gt\/?p=2551\">Funciones del lenguaje: tipos, caracter\u00edsticas y ejemplos<\/a>\r\n\t\t\t<\/h2>\r\n\r\n\t\t\t\t\t\t<div class=\"bdpp-post-meta bdpp-post-meta-up\">\r\n\t\t\t\t<span class=\"bdpp-post-meta-data bdpp-post-author\"><i class=\"bdpp-fa fa-solid fa-user\"><\/i>Sic<\/span><span class=\"bdpp-post-meta-sep\"> &ndash; <\/span><span class=\"bdpp-post-meta-data bdpp-post-date\"><i class=\"bdpp-fa fa-regular fa-clock\"><\/i>1 septiembre, 2026<\/span>\t\t\t<\/div>\r\n\t\t\t\t\t\t<div class=\"bdpp-post-content\">\r\n\t\t\t\t<div class=\"bdpp-post-desc\">\u00bfQu\u00e9 son las funciones del lenguaje? \u00bfSab\u00edas que cuando una persona habla o escribe, no solo utiliza palabras, sino que...<\/div>\r\n\t\t\t\t\t\t\t\t\t<a href=\"https:\/\/portal.pronea.gt\/?p=2551\" class=\"bdpp-rdmr-btn\">Leer m\u00e1s ...<\/a>\r\n\t\t\t\t\t\t\t<\/div>\r\n\t\t\t\t\t\t<div class=\"bdpp-post-meta bdpp-post-meta-down\"><span class=\"bdpp-post-meta-data bdpp-post-tags\"><i class=\"bdpp-fa fa-solid fa-tags\"><\/i><a class=\"bdpp-post-cat-link bdpp-post-cat-324 bdpp-post-cat-comunicacion\" href=\"https:\/\/portal.pronea.gt\/?tag=comunicacion\">comunicaci\u00f3n<\/a>, <a class=\"bdpp-post-cat-link bdpp-post-cat-105 bdpp-post-cat-comunicacion-y-lenguaje\" href=\"https:\/\/portal.pronea.gt\/?tag=comunicacion-y-lenguaje\">Comunicaci\u00f3n y Lenguaje<\/a>, <a class=\"bdpp-post-cat-link bdpp-post-cat-77 bdpp-post-cat-educacion-alternativa\" href=\"https:\/\/portal.pronea.gt\/?tag=educacion-alternativa\">Educaci\u00f3n Alternativa<\/a>, <a class=\"bdpp-post-cat-link bdpp-post-cat-172 bdpp-post-cat-educacion-para-adultos\" href=\"https:\/\/portal.pronea.gt\/?tag=educacion-para-adultos\">Educaci\u00f3n para adultos<\/a>, <a class=\"bdpp-post-cat-link bdpp-post-cat-120 bdpp-post-cat-funciones-del-lenguaje\" href=\"https:\/\/portal.pronea.gt\/?tag=funciones-del-lenguaje\">Funciones del lenguaje<\/a>, <a class=\"bdpp-post-cat-link bdpp-post-cat-76 bdpp-post-cat-guatemala\" href=\"https:\/\/portal.pronea.gt\/?tag=guatemala\">Guatemala<\/a>, <a class=\"bdpp-post-cat-link bdpp-post-cat-190 bdpp-post-cat-lenguaje\" href=\"https:\/\/portal.pronea.gt\/?tag=lenguaje\">Lenguaje<\/a>, <a class=\"bdpp-post-cat-link bdpp-post-cat-171 bdpp-post-cat-ministerio-de-educacion\" href=\"https:\/\/portal.pronea.gt\/?tag=ministerio-de-educacion\">Ministerio de Educaci\u00f3n<\/a>, <a class=\"bdpp-post-cat-link bdpp-post-cat-57 bdpp-post-cat-pronea\" href=\"https:\/\/portal.pronea.gt\/?tag=pronea\">Pronea<\/a>, <a class=\"bdpp-post-cat-link bdpp-post-cat-325 bdpp-post-cat-tipos-de-lenguaje\" href=\"https:\/\/portal.pronea.gt\/?tag=tipos-de-lenguaje\">tipos de lenguaje<\/a><\/span><\/div>\r\n\t\t\t\t\t<\/div>\r\n\t<\/div>\r\n<\/div><div class=\"bdpp-post-list-main bdpp-post-2547 bdpp-post-standard bdpp-has-thumb\">\r\n\t<div class=\"bdpp-post-list-content bdpp-clearfix\">\r\n\t\t\t\t<div class=\"bdpp-post-list-left bdpp-col-2 bdpp-columns\">\r\n\t\t\t<div class=\"bdpp-post-img-bg\">\r\n\t\t\t\t<a href=\"https:\/\/portal.pronea.gt\/?p=2547\">\r\n\t\t\t\t\t<img decoding=\"async\" src=\"https:\/\/portal.pronea.gt\/wp-content\/uploads\/2026\/08\/Medidas-y-conversio\u0301n-de-longitudes-640x480.webp\" class=\"bdpp-img bdpp-post-feat-img\" alt=\"Medidas y conversiones de longitud: sistema m\u00e9trico decimal y unidades\" \/>\r\n\t\t\t\t\t\t\t\t\t<\/a>\r\n\t\t\t<\/div>\r\n\t\t<\/div>\r\n\t\t\r\n\t\t<div class=\"bdpp-post-list-right bdpp-col-2 bdpp-columns\">\r\n\t\t\t\t\t\t<div class=\"bdpp-post-cats\"><a class=\"bdpp-post-cat-link bdpp-post-cat-33 bdpp-post-cat-matematicas\" href=\"https:\/\/portal.pronea.gt\/?cat=33\">\u00c1rea de Matem\u00e1ticas<\/a> <a class=\"bdpp-post-cat-link bdpp-post-cat-39 bdpp-post-cat-recursos\" href=\"https:\/\/portal.pronea.gt\/?cat=39\">Recursos educativos<\/a><\/div>\r\n\t\t\t\r\n\t\t\t<h2 class=\"bdpp-post-title\">\r\n\t\t\t\t<a href=\"https:\/\/portal.pronea.gt\/?p=2547\">Medidas y conversiones de longitud: sistema m\u00e9trico decimal y unidades<\/a>\r\n\t\t\t<\/h2>\r\n\r\n\t\t\t\t\t\t<div class=\"bdpp-post-meta bdpp-post-meta-up\">\r\n\t\t\t\t<span class=\"bdpp-post-meta-data bdpp-post-author\"><i class=\"bdpp-fa fa-solid fa-user\"><\/i>Sic<\/span><span class=\"bdpp-post-meta-sep\"> &ndash; <\/span><span class=\"bdpp-post-meta-data bdpp-post-date\"><i class=\"bdpp-fa fa-regular fa-clock\"><\/i>31 agosto, 2026<\/span>\t\t\t<\/div>\r\n\t\t\t\t\t\t<div class=\"bdpp-post-content\">\r\n\t\t\t\t<div class=\"bdpp-post-desc\">\u00bfQu\u00e9 son las medidas de longitud? \u00bfSab\u00edas que la longitud es una medida que nos permite conocer qu\u00e9 tan largo,...<\/div>\r\n\t\t\t\t\t\t\t\t\t<a href=\"https:\/\/portal.pronea.gt\/?p=2547\" class=\"bdpp-rdmr-btn\">Leer m\u00e1s ...<\/a>\r\n\t\t\t\t\t\t\t<\/div>\r\n\t\t\t\t\t\t<div class=\"bdpp-post-meta bdpp-post-meta-down\"><span class=\"bdpp-post-meta-data bdpp-post-tags\"><i class=\"bdpp-fa fa-solid fa-tags\"><\/i><a class=\"bdpp-post-cat-link bdpp-post-cat-88 bdpp-post-cat-conversiones\" href=\"https:\/\/portal.pronea.gt\/?tag=conversiones\">Conversiones<\/a>, <a class=\"bdpp-post-cat-link bdpp-post-cat-77 bdpp-post-cat-educacion-alternativa\" href=\"https:\/\/portal.pronea.gt\/?tag=educacion-alternativa\">Educaci\u00f3n Alternativa<\/a>, <a class=\"bdpp-post-cat-link bdpp-post-cat-172 bdpp-post-cat-educacion-para-adultos\" href=\"https:\/\/portal.pronea.gt\/?tag=educacion-para-adultos\">Educaci\u00f3n para adultos<\/a>, <a class=\"bdpp-post-cat-link bdpp-post-cat-60 bdpp-post-cat-matematicas\" href=\"https:\/\/portal.pronea.gt\/?tag=matematicas\">Matematicas<\/a>, <a class=\"bdpp-post-cat-link bdpp-post-cat-321 bdpp-post-cat-medidas-de-longitud\" href=\"https:\/\/portal.pronea.gt\/?tag=medidas-de-longitud\">Medidas de longitud<\/a>, <a class=\"bdpp-post-cat-link bdpp-post-cat-171 bdpp-post-cat-ministerio-de-educacion\" href=\"https:\/\/portal.pronea.gt\/?tag=ministerio-de-educacion\">Ministerio de Educaci\u00f3n<\/a>, <a class=\"bdpp-post-cat-link bdpp-post-cat-57 bdpp-post-cat-pronea\" href=\"https:\/\/portal.pronea.gt\/?tag=pronea\">Pronea<\/a>, <a class=\"bdpp-post-cat-link bdpp-post-cat-322 bdpp-post-cat-sistema-metrico-decimal\" href=\"https:\/\/portal.pronea.gt\/?tag=sistema-metrico-decimal\">sistema m\u00e9trico decimal<\/a>, <a class=\"bdpp-post-cat-link bdpp-post-cat-323 bdpp-post-cat-unidades-de-medida-longitud\" href=\"https:\/\/portal.pronea.gt\/?tag=unidades-de-medida-longitud\">unidades de medida. longitud<\/a><\/span><\/div>\r\n\t\t\t\t\t<\/div>\r\n\t<\/div>\r\n<\/div><div class=\"bdpp-post-list-main bdpp-post-2491 bdpp-post-standard bdpp-has-thumb\">\r\n\t<div class=\"bdpp-post-list-content bdpp-clearfix\">\r\n\t\t\t\t<div class=\"bdpp-post-list-left bdpp-col-2 bdpp-columns\">\r\n\t\t\t<div class=\"bdpp-post-img-bg\">\r\n\t\t\t\t<a href=\"https:\/\/portal.pronea.gt\/?p=2491\">\r\n\t\t\t\t\t<img decoding=\"async\" src=\"https:\/\/portal.pronea.gt\/wp-content\/uploads\/2026\/08\/Marketing-640x480.webp\" class=\"bdpp-img bdpp-post-feat-img\" alt=\"Marketing para emprendedores: mercado objetivo, consumidor y estrategias\" \/>\r\n\t\t\t\t\t\t\t\t\t<\/a>\r\n\t\t\t<\/div>\r\n\t\t<\/div>\r\n\t\t\r\n\t\t<div class=\"bdpp-post-list-right bdpp-col-2 bdpp-columns\">\r\n\t\t\t\t\t\t<div class=\"bdpp-post-cats\"><a class=\"bdpp-post-cat-link bdpp-post-cat-114 bdpp-post-cat-area-de-emprendimiento\" href=\"https:\/\/portal.pronea.gt\/?cat=114\">\u00c1rea de Emprendimiento<\/a> <a class=\"bdpp-post-cat-link bdpp-post-cat-39 bdpp-post-cat-recursos\" href=\"https:\/\/portal.pronea.gt\/?cat=39\">Recursos educativos<\/a><\/div>\r\n\t\t\t\r\n\t\t\t<h2 class=\"bdpp-post-title\">\r\n\t\t\t\t<a href=\"https:\/\/portal.pronea.gt\/?p=2491\">Marketing para emprendedores: mercado objetivo, consumidor y estrategias<\/a>\r\n\t\t\t<\/h2>\r\n\r\n\t\t\t\t\t\t<div class=\"bdpp-post-meta bdpp-post-meta-up\">\r\n\t\t\t\t<span class=\"bdpp-post-meta-data bdpp-post-author\"><i class=\"bdpp-fa fa-solid fa-user\"><\/i>Sic<\/span><span class=\"bdpp-post-meta-sep\"> &ndash; <\/span><span class=\"bdpp-post-meta-data bdpp-post-date\"><i class=\"bdpp-fa fa-regular fa-clock\"><\/i>21 agosto, 2026<\/span>\t\t\t<\/div>\r\n\t\t\t\t\t\t<div class=\"bdpp-post-content\">\r\n\t\t\t\t<div class=\"bdpp-post-desc\">\u00bfQu\u00e9 es el marketing? \u00bfSab\u00edas que el marketing es el proceso de comprender qu\u00e9 necesitan las personas para crear productos...<\/div>\r\n\t\t\t\t\t\t\t\t\t<a href=\"https:\/\/portal.pronea.gt\/?p=2491\" class=\"bdpp-rdmr-btn\">Leer m\u00e1s ...<\/a>\r\n\t\t\t\t\t\t\t<\/div>\r\n\t\t\t\t\t\t<div class=\"bdpp-post-meta bdpp-post-meta-down\"><span class=\"bdpp-post-meta-data bdpp-post-tags\"><i class=\"bdpp-fa fa-solid fa-tags\"><\/i><a class=\"bdpp-post-cat-link bdpp-post-cat-77 bdpp-post-cat-educacion-alternativa\" href=\"https:\/\/portal.pronea.gt\/?tag=educacion-alternativa\">Educaci\u00f3n Alternativa<\/a>, <a class=\"bdpp-post-cat-link bdpp-post-cat-172 bdpp-post-cat-educacion-para-adultos\" href=\"https:\/\/portal.pronea.gt\/?tag=educacion-para-adultos\">Educaci\u00f3n para adultos<\/a>, <a class=\"bdpp-post-cat-link bdpp-post-cat-115 bdpp-post-cat-emprendimiento\" href=\"https:\/\/portal.pronea.gt\/?tag=emprendimiento\">Emprendimiento<\/a>, <a class=\"bdpp-post-cat-link bdpp-post-cat-122 bdpp-post-cat-emprendimiento-y-productividad\" href=\"https:\/\/portal.pronea.gt\/?tag=emprendimiento-y-productividad\">Emprendimiento y Productividad<\/a>, <a class=\"bdpp-post-cat-link bdpp-post-cat-319 bdpp-post-cat-estrategias-de-marketing\" href=\"https:\/\/portal.pronea.gt\/?tag=estrategias-de-marketing\">estrategias de marketing<\/a>, <a class=\"bdpp-post-cat-link bdpp-post-cat-76 bdpp-post-cat-guatemala\" href=\"https:\/\/portal.pronea.gt\/?tag=guatemala\">Guatemala<\/a>, <a class=\"bdpp-post-cat-link bdpp-post-cat-320 bdpp-post-cat-investigacion-de-mercado\" href=\"https:\/\/portal.pronea.gt\/?tag=investigacion-de-mercado\">investigaci\u00f3n de mercado<\/a>, <a class=\"bdpp-post-cat-link bdpp-post-cat-315 bdpp-post-cat-marketing\" href=\"https:\/\/portal.pronea.gt\/?tag=marketing\">marketing<\/a>, <a class=\"bdpp-post-cat-link bdpp-post-cat-316 bdpp-post-cat-marketing-digital\" href=\"https:\/\/portal.pronea.gt\/?tag=marketing-digital\">marketing digital<\/a>, <a class=\"bdpp-post-cat-link bdpp-post-cat-317 bdpp-post-cat-mercado-objetivo\" href=\"https:\/\/portal.pronea.gt\/?tag=mercado-objetivo\">mercado objetivo<\/a>, <a class=\"bdpp-post-cat-link bdpp-post-cat-171 bdpp-post-cat-ministerio-de-educacion\" href=\"https:\/\/portal.pronea.gt\/?tag=ministerio-de-educacion\">Ministerio de Educaci\u00f3n<\/a>, <a class=\"bdpp-post-cat-link bdpp-post-cat-116 bdpp-post-cat-productividad\" href=\"https:\/\/portal.pronea.gt\/?tag=productividad\">Productividad<\/a>, <a class=\"bdpp-post-cat-link bdpp-post-cat-57 bdpp-post-cat-pronea\" href=\"https:\/\/portal.pronea.gt\/?tag=pronea\">Pronea<\/a>, <a class=\"bdpp-post-cat-link bdpp-post-cat-318 bdpp-post-cat-segmentacion-de-mercado\" href=\"https:\/\/portal.pronea.gt\/?tag=segmentacion-de-mercado\">segmentaci\u00f3n de mercado<\/a><\/span><\/div>\r\n\t\t\t\t\t<\/div>\r\n\t<\/div>\r\n<\/div><div class=\"bdpp-post-list-main bdpp-post-2483 bdpp-post-standard bdpp-has-thumb\">\r\n\t<div class=\"bdpp-post-list-content bdpp-clearfix\">\r\n\t\t\t\t<div class=\"bdpp-post-list-left bdpp-col-2 bdpp-columns\">\r\n\t\t\t<div class=\"bdpp-post-img-bg\">\r\n\t\t\t\t<a href=\"https:\/\/portal.pronea.gt\/?p=2483\">\r\n\t\t\t\t\t<img decoding=\"async\" src=\"https:\/\/portal.pronea.gt\/wp-content\/uploads\/2026\/08\/Gestion-de-riesgos-y-prevencio\u0301n-640x480.webp\" class=\"bdpp-img bdpp-post-feat-img\" alt=\"Gesti\u00f3n de riesgos y prevenci\u00f3n en Guatemala: c\u00f3mo protegernos ante los desastres\" \/>\r\n\t\t\t\t\t\t\t\t\t<\/a>\r\n\t\t\t<\/div>\r\n\t\t<\/div>\r\n\t\t\r\n\t\t<div class=\"bdpp-post-list-right bdpp-col-2 bdpp-columns\">\r\n\t\t\t\t\t\t<div class=\"bdpp-post-cats\"><a class=\"bdpp-post-cat-link bdpp-post-cat-111 bdpp-post-cat-area-de-ciencias-naturales\" href=\"https:\/\/portal.pronea.gt\/?cat=111\">\u00c1rea de Ciencias Naturales<\/a> <a class=\"bdpp-post-cat-link bdpp-post-cat-39 bdpp-post-cat-recursos\" href=\"https:\/\/portal.pronea.gt\/?cat=39\">Recursos educativos<\/a><\/div>\r\n\t\t\t\r\n\t\t\t<h2 class=\"bdpp-post-title\">\r\n\t\t\t\t<a href=\"https:\/\/portal.pronea.gt\/?p=2483\">Gesti\u00f3n de riesgos y prevenci\u00f3n en Guatemala: c\u00f3mo protegernos ante los desastres<\/a>\r\n\t\t\t<\/h2>\r\n\r\n\t\t\t\t\t\t<div class=\"bdpp-post-meta bdpp-post-meta-up\">\r\n\t\t\t\t<span class=\"bdpp-post-meta-data bdpp-post-author\"><i class=\"bdpp-fa fa-solid fa-user\"><\/i>Sic<\/span><span class=\"bdpp-post-meta-sep\"> &ndash; <\/span><span class=\"bdpp-post-meta-data bdpp-post-date\"><i class=\"bdpp-fa fa-regular fa-clock\"><\/i>20 agosto, 2026<\/span>\t\t\t<\/div>\r\n\t\t\t\t\t\t<div class=\"bdpp-post-content\">\r\n\t\t\t\t<div class=\"bdpp-post-desc\">Gesti\u00f3n de riesgos y prevenci\u00f3n \u00bfSab\u00edas que en Guatemala existen instituciones encargadas de desarrollar estrategias para reducir los riesgos y...<\/div>\r\n\t\t\t\t\t\t\t\t\t<a href=\"https:\/\/portal.pronea.gt\/?p=2483\" class=\"bdpp-rdmr-btn\">Leer m\u00e1s ...<\/a>\r\n\t\t\t\t\t\t\t<\/div>\r\n\t\t\t\t\t\t<div class=\"bdpp-post-meta bdpp-post-meta-down\"><span class=\"bdpp-post-meta-data bdpp-post-tags\"><i class=\"bdpp-fa fa-solid fa-tags\"><\/i><a class=\"bdpp-post-cat-link bdpp-post-cat-112 bdpp-post-cat-ciencias-naturales\" href=\"https:\/\/portal.pronea.gt\/?tag=ciencias-naturales\">Ciencias Naturales<\/a>, <a class=\"bdpp-post-cat-link bdpp-post-cat-311 bdpp-post-cat-conred\" href=\"https:\/\/portal.pronea.gt\/?tag=conred\">conred<\/a>, <a class=\"bdpp-post-cat-link bdpp-post-cat-312 bdpp-post-cat-desastres-naturales\" href=\"https:\/\/portal.pronea.gt\/?tag=desastres-naturales\">desastres naturales<\/a>, <a class=\"bdpp-post-cat-link bdpp-post-cat-77 bdpp-post-cat-educacion-alternativa\" href=\"https:\/\/portal.pronea.gt\/?tag=educacion-alternativa\">Educaci\u00f3n Alternativa<\/a>, <a class=\"bdpp-post-cat-link bdpp-post-cat-172 bdpp-post-cat-educacion-para-adultos\" href=\"https:\/\/portal.pronea.gt\/?tag=educacion-para-adultos\">Educaci\u00f3n para adultos<\/a>, <a class=\"bdpp-post-cat-link bdpp-post-cat-313 bdpp-post-cat-emergencias\" href=\"https:\/\/portal.pronea.gt\/?tag=emergencias\">emergencias<\/a>, <a class=\"bdpp-post-cat-link bdpp-post-cat-309 bdpp-post-cat-gestion-de-riesgos\" href=\"https:\/\/portal.pronea.gt\/?tag=gestion-de-riesgos\">Gesti\u00f3n de riesgos<\/a>, <a class=\"bdpp-post-cat-link bdpp-post-cat-76 bdpp-post-cat-guatemala\" href=\"https:\/\/portal.pronea.gt\/?tag=guatemala\">Guatemala<\/a>, <a class=\"bdpp-post-cat-link bdpp-post-cat-171 bdpp-post-cat-ministerio-de-educacion\" href=\"https:\/\/portal.pronea.gt\/?tag=ministerio-de-educacion\">Ministerio de Educaci\u00f3n<\/a>, <a class=\"bdpp-post-cat-link bdpp-post-cat-310 bdpp-post-cat-prevencion-de-desastres\" href=\"https:\/\/portal.pronea.gt\/?tag=prevencion-de-desastres\">prevenci\u00f3n de desastres<\/a>, <a class=\"bdpp-post-cat-link bdpp-post-cat-57 bdpp-post-cat-pronea\" href=\"https:\/\/portal.pronea.gt\/?tag=pronea\">Pronea<\/a><\/span><\/div>\r\n\t\t\t\t\t<\/div>\r\n\t<\/div>\r\n<\/div><div class=\"bdpp-post-list-main bdpp-post-2487 bdpp-post-standard bdpp-has-thumb\">\r\n\t<div class=\"bdpp-post-list-content bdpp-clearfix\">\r\n\t\t\t\t<div class=\"bdpp-post-list-left bdpp-col-2 bdpp-columns\">\r\n\t\t\t<div class=\"bdpp-post-img-bg\">\r\n\t\t\t\t<a href=\"https:\/\/portal.pronea.gt\/?p=2487\">\r\n\t\t\t\t\t<img decoding=\"async\" src=\"https:\/\/portal.pronea.gt\/wp-content\/uploads\/2026\/08\/Guatemala-y-sus-desastres-naturales-640x480.webp\" class=\"bdpp-img bdpp-post-feat-img\" alt=\"Guatemala y los desastres naturales: riesgos, prevenci\u00f3n y preparaci\u00f3n comunitaria\" \/>\r\n\t\t\t\t\t\t\t\t\t<\/a>\r\n\t\t\t<\/div>\r\n\t\t<\/div>\r\n\t\t\r\n\t\t<div class=\"bdpp-post-list-right bdpp-col-2 bdpp-columns\">\r\n\t\t\t\t\t\t<div class=\"bdpp-post-cats\"><a class=\"bdpp-post-cat-link bdpp-post-cat-111 bdpp-post-cat-area-de-ciencias-naturales\" href=\"https:\/\/portal.pronea.gt\/?cat=111\">\u00c1rea de Ciencias Naturales<\/a> <a class=\"bdpp-post-cat-link bdpp-post-cat-39 bdpp-post-cat-recursos\" href=\"https:\/\/portal.pronea.gt\/?cat=39\">Recursos educativos<\/a><\/div>\r\n\t\t\t\r\n\t\t\t<h2 class=\"bdpp-post-title\">\r\n\t\t\t\t<a href=\"https:\/\/portal.pronea.gt\/?p=2487\">Guatemala y los desastres naturales: riesgos, prevenci\u00f3n y preparaci\u00f3n comunitaria<\/a>\r\n\t\t\t<\/h2>\r\n\r\n\t\t\t\t\t\t<div class=\"bdpp-post-meta bdpp-post-meta-up\">\r\n\t\t\t\t<span class=\"bdpp-post-meta-data bdpp-post-author\"><i class=\"bdpp-fa fa-solid fa-user\"><\/i>Sic<\/span><span class=\"bdpp-post-meta-sep\"> &ndash; <\/span><span class=\"bdpp-post-meta-data bdpp-post-date\"><i class=\"bdpp-fa fa-regular fa-clock\"><\/i>19 agosto, 2026<\/span>\t\t\t<\/div>\r\n\t\t\t\t\t\t<div class=\"bdpp-post-content\">\r\n\t\t\t\t<div class=\"bdpp-post-desc\">Riesgos naturales de Guatemala \u00bfSab\u00edas que Guatemala posee una gran riqueza natural, pero su ubicaci\u00f3n geogr\u00e1fica tambi\u00e9n la expone a...<\/div>\r\n\t\t\t\t\t\t\t\t\t<a href=\"https:\/\/portal.pronea.gt\/?p=2487\" class=\"bdpp-rdmr-btn\">Leer m\u00e1s ...<\/a>\r\n\t\t\t\t\t\t\t<\/div>\r\n\t\t\t\t\t\t<div class=\"bdpp-post-meta bdpp-post-meta-down\"><span class=\"bdpp-post-meta-data bdpp-post-tags\"><i class=\"bdpp-fa fa-solid fa-tags\"><\/i><a class=\"bdpp-post-cat-link bdpp-post-cat-109 bdpp-post-cat-ciencias-sociales\" href=\"https:\/\/portal.pronea.gt\/?tag=ciencias-sociales\">Ciencias Sociales<\/a>, <a class=\"bdpp-post-cat-link bdpp-post-cat-311 bdpp-post-cat-conred\" href=\"https:\/\/portal.pronea.gt\/?tag=conred\">conred<\/a>, <a class=\"bdpp-post-cat-link bdpp-post-cat-312 bdpp-post-cat-desastres-naturales\" href=\"https:\/\/portal.pronea.gt\/?tag=desastres-naturales\">desastres naturales<\/a>, <a class=\"bdpp-post-cat-link bdpp-post-cat-77 bdpp-post-cat-educacion-alternativa\" href=\"https:\/\/portal.pronea.gt\/?tag=educacion-alternativa\">Educaci\u00f3n Alternativa<\/a>, <a class=\"bdpp-post-cat-link bdpp-post-cat-172 bdpp-post-cat-educacion-para-adultos\" href=\"https:\/\/portal.pronea.gt\/?tag=educacion-para-adultos\">Educaci\u00f3n para adultos<\/a>, <a class=\"bdpp-post-cat-link bdpp-post-cat-309 bdpp-post-cat-gestion-de-riesgos\" href=\"https:\/\/portal.pronea.gt\/?tag=gestion-de-riesgos\">Gesti\u00f3n de riesgos<\/a>, <a class=\"bdpp-post-cat-link bdpp-post-cat-76 bdpp-post-cat-guatemala\" href=\"https:\/\/portal.pronea.gt\/?tag=guatemala\">Guatemala<\/a>, <a class=\"bdpp-post-cat-link bdpp-post-cat-171 bdpp-post-cat-ministerio-de-educacion\" href=\"https:\/\/portal.pronea.gt\/?tag=ministerio-de-educacion\">Ministerio de Educaci\u00f3n<\/a>, <a class=\"bdpp-post-cat-link bdpp-post-cat-314 bdpp-post-cat-plan-de-emergencia\" href=\"https:\/\/portal.pronea.gt\/?tag=plan-de-emergencia\">plan de emergencia<\/a>, <a class=\"bdpp-post-cat-link bdpp-post-cat-310 bdpp-post-cat-prevencion-de-desastres\" href=\"https:\/\/portal.pronea.gt\/?tag=prevencion-de-desastres\">prevenci\u00f3n de desastres<\/a><\/span><\/div>\r\n\t\t\t\t\t<\/div>\r\n\t<\/div>\r\n<\/div><div class=\"bdpp-post-list-main bdpp-post-2479 bdpp-post-standard bdpp-has-thumb\">\r\n\t<div class=\"bdpp-post-list-content bdpp-clearfix\">\r\n\t\t\t\t<div class=\"bdpp-post-list-left bdpp-col-2 bdpp-columns\">\r\n\t\t\t<div class=\"bdpp-post-img-bg\">\r\n\t\t\t\t<a href=\"https:\/\/portal.pronea.gt\/?p=2479\">\r\n\t\t\t\t\t<img decoding=\"async\" src=\"https:\/\/portal.pronea.gt\/wp-content\/uploads\/2026\/08\/Textos-cohesionados-640x480.webp\" class=\"bdpp-img bdpp-post-feat-img\" alt=\"Textos cohesionados: recursos para escribir con claridad\" \/>\r\n\t\t\t\t\t\t\t\t\t<\/a>\r\n\t\t\t<\/div>\r\n\t\t<\/div>\r\n\t\t\r\n\t\t<div class=\"bdpp-post-list-right bdpp-col-2 bdpp-columns\">\r\n\t\t\t\t\t\t<div class=\"bdpp-post-cats\"><a class=\"bdpp-post-cat-link bdpp-post-cat-51 bdpp-post-cat-area-de-comunicacion-y-lenguaje\" href=\"https:\/\/portal.pronea.gt\/?cat=51\">\u00c1rea de Comunicaci\u00f3n y Lenguaje<\/a> <a class=\"bdpp-post-cat-link bdpp-post-cat-39 bdpp-post-cat-recursos\" href=\"https:\/\/portal.pronea.gt\/?cat=39\">Recursos educativos<\/a><\/div>\r\n\t\t\t\r\n\t\t\t<h2 class=\"bdpp-post-title\">\r\n\t\t\t\t<a href=\"https:\/\/portal.pronea.gt\/?p=2479\">Textos cohesionados: recursos para escribir con claridad<\/a>\r\n\t\t\t<\/h2>\r\n\r\n\t\t\t\t\t\t<div class=\"bdpp-post-meta bdpp-post-meta-up\">\r\n\t\t\t\t<span class=\"bdpp-post-meta-data bdpp-post-author\"><i class=\"bdpp-fa fa-solid fa-user\"><\/i>Sic<\/span><span class=\"bdpp-post-meta-sep\"> &ndash; <\/span><span class=\"bdpp-post-meta-data bdpp-post-date\"><i class=\"bdpp-fa fa-regular fa-clock\"><\/i>18 agosto, 2026<\/span>\t\t\t<\/div>\r\n\t\t\t\t\t\t<div class=\"bdpp-post-content\">\r\n\t\t\t\t<div class=\"bdpp-post-desc\">\u00bfQu\u00e9 es la cohesi\u00f3n textual? \u00bfSab\u00edas que la cohesi\u00f3n es una propiedad fundamental de los textos porque permite unir palabras,...<\/div>\r\n\t\t\t\t\t\t\t\t\t<a href=\"https:\/\/portal.pronea.gt\/?p=2479\" class=\"bdpp-rdmr-btn\">Leer m\u00e1s ...<\/a>\r\n\t\t\t\t\t\t\t<\/div>\r\n\t\t\t\t\t\t<div class=\"bdpp-post-meta bdpp-post-meta-down\"><span class=\"bdpp-post-meta-data bdpp-post-tags\"><i class=\"bdpp-fa fa-solid fa-tags\"><\/i><a class=\"bdpp-post-cat-link bdpp-post-cat-290 bdpp-post-cat-coherencia-textual\" href=\"https:\/\/portal.pronea.gt\/?tag=coherencia-textual\">coherencia textual<\/a>, <a class=\"bdpp-post-cat-link bdpp-post-cat-269 bdpp-post-cat-cohesion\" href=\"https:\/\/portal.pronea.gt\/?tag=cohesion\">cohesi\u00f3n<\/a>, <a class=\"bdpp-post-cat-link bdpp-post-cat-306 bdpp-post-cat-cohesion-textual\" href=\"https:\/\/portal.pronea.gt\/?tag=cohesion-textual\">cohesi\u00f3n textual<\/a>, <a class=\"bdpp-post-cat-link bdpp-post-cat-105 bdpp-post-cat-comunicacion-y-lenguaje\" href=\"https:\/\/portal.pronea.gt\/?tag=comunicacion-y-lenguaje\">Comunicaci\u00f3n y Lenguaje<\/a>, <a class=\"bdpp-post-cat-link bdpp-post-cat-307 bdpp-post-cat-conectores\" href=\"https:\/\/portal.pronea.gt\/?tag=conectores\">conectores<\/a>, <a class=\"bdpp-post-cat-link bdpp-post-cat-77 bdpp-post-cat-educacion-alternativa\" href=\"https:\/\/portal.pronea.gt\/?tag=educacion-alternativa\">Educaci\u00f3n Alternativa<\/a>, <a class=\"bdpp-post-cat-link bdpp-post-cat-172 bdpp-post-cat-educacion-para-adultos\" href=\"https:\/\/portal.pronea.gt\/?tag=educacion-para-adultos\">Educaci\u00f3n para adultos<\/a>, <a class=\"bdpp-post-cat-link bdpp-post-cat-262 bdpp-post-cat-escritura\" href=\"https:\/\/portal.pronea.gt\/?tag=escritura\">escritura<\/a>, <a class=\"bdpp-post-cat-link bdpp-post-cat-267 bdpp-post-cat-gramatica\" href=\"https:\/\/portal.pronea.gt\/?tag=gramatica\">gram\u00e1tica<\/a>, <a class=\"bdpp-post-cat-link bdpp-post-cat-76 bdpp-post-cat-guatemala\" href=\"https:\/\/portal.pronea.gt\/?tag=guatemala\">Guatemala<\/a>, <a class=\"bdpp-post-cat-link bdpp-post-cat-171 bdpp-post-cat-ministerio-de-educacion\" href=\"https:\/\/portal.pronea.gt\/?tag=ministerio-de-educacion\">Ministerio de Educaci\u00f3n<\/a>, <a class=\"bdpp-post-cat-link bdpp-post-cat-57 bdpp-post-cat-pronea\" href=\"https:\/\/portal.pronea.gt\/?tag=pronea\">Pronea<\/a>, <a class=\"bdpp-post-cat-link bdpp-post-cat-308 bdpp-post-cat-puntuacion\" href=\"https:\/\/portal.pronea.gt\/?tag=puntuacion\">puntuaci\u00f3n<\/a>, <a class=\"bdpp-post-cat-link bdpp-post-cat-263 bdpp-post-cat-redaccion\" href=\"https:\/\/portal.pronea.gt\/?tag=redaccion\">redacci\u00f3n<\/a>, <a class=\"bdpp-post-cat-link bdpp-post-cat-305 bdpp-post-cat-textos-cohesionados\" href=\"https:\/\/portal.pronea.gt\/?tag=textos-cohesionados\">textos cohesionados<\/a><\/span><\/div>\r\n\t\t\t\t\t<\/div>\r\n\t<\/div>\r\n<\/div><div class=\"bdpp-post-list-main bdpp-post-2475 bdpp-post-standard bdpp-has-thumb\">\r\n\t<div class=\"bdpp-post-list-content bdpp-clearfix\">\r\n\t\t\t\t<div class=\"bdpp-post-list-left bdpp-col-2 bdpp-columns\">\r\n\t\t\t<div class=\"bdpp-post-img-bg\">\r\n\t\t\t\t<a href=\"https:\/\/portal.pronea.gt\/?p=2475\">\r\n\t\t\t\t\t<img decoding=\"async\" src=\"https:\/\/portal.pronea.gt\/wp-content\/uploads\/2026\/08\/Razones-matema\u0301ticas-640x480.webp\" class=\"bdpp-img bdpp-post-feat-img\" alt=\"Razones matem\u00e1ticas: c\u00f3mo comparar cantidades y resolver problemas cotidianos\" \/>\r\n\t\t\t\t\t\t\t\t\t<\/a>\r\n\t\t\t<\/div>\r\n\t\t<\/div>\r\n\t\t\r\n\t\t<div class=\"bdpp-post-list-right bdpp-col-2 bdpp-columns\">\r\n\t\t\t\t\t\t<div class=\"bdpp-post-cats\"><a class=\"bdpp-post-cat-link bdpp-post-cat-33 bdpp-post-cat-matematicas\" href=\"https:\/\/portal.pronea.gt\/?cat=33\">\u00c1rea de Matem\u00e1ticas<\/a> <a class=\"bdpp-post-cat-link bdpp-post-cat-39 bdpp-post-cat-recursos\" href=\"https:\/\/portal.pronea.gt\/?cat=39\">Recursos educativos<\/a><\/div>\r\n\t\t\t\r\n\t\t\t<h2 class=\"bdpp-post-title\">\r\n\t\t\t\t<a href=\"https:\/\/portal.pronea.gt\/?p=2475\">Razones matem\u00e1ticas: c\u00f3mo comparar cantidades y resolver problemas cotidianos<\/a>\r\n\t\t\t<\/h2>\r\n\r\n\t\t\t\t\t\t<div class=\"bdpp-post-meta bdpp-post-meta-up\">\r\n\t\t\t\t<span class=\"bdpp-post-meta-data bdpp-post-author\"><i class=\"bdpp-fa fa-solid fa-user\"><\/i>Sic<\/span><span class=\"bdpp-post-meta-sep\"> &ndash; <\/span><span class=\"bdpp-post-meta-data bdpp-post-date\"><i class=\"bdpp-fa fa-regular fa-clock\"><\/i>17 agosto, 2026<\/span>\t\t\t<\/div>\r\n\t\t\t\t\t\t<div class=\"bdpp-post-content\">\r\n\t\t\t\t<div class=\"bdpp-post-desc\">Razones matem\u00e1ticas \u00bfSab\u00edas que una raz\u00f3n matem\u00e1tica permite comparar dos cantidades y expresar la relaci\u00f3n que existe entre ellas? Por...<\/div>\r\n\t\t\t\t\t\t\t\t\t<a href=\"https:\/\/portal.pronea.gt\/?p=2475\" class=\"bdpp-rdmr-btn\">Leer m\u00e1s ...<\/a>\r\n\t\t\t\t\t\t\t<\/div>\r\n\t\t\t\t\t\t<div class=\"bdpp-post-meta bdpp-post-meta-down\"><span class=\"bdpp-post-meta-data bdpp-post-tags\"><i class=\"bdpp-fa fa-solid fa-tags\"><\/i><a class=\"bdpp-post-cat-link bdpp-post-cat-77 bdpp-post-cat-educacion-alternativa\" href=\"https:\/\/portal.pronea.gt\/?tag=educacion-alternativa\">Educaci\u00f3n Alternativa<\/a>, <a class=\"bdpp-post-cat-link bdpp-post-cat-172 bdpp-post-cat-educacion-para-adultos\" href=\"https:\/\/portal.pronea.gt\/?tag=educacion-para-adultos\">Educaci\u00f3n para adultos<\/a>, <a class=\"bdpp-post-cat-link bdpp-post-cat-76 bdpp-post-cat-guatemala\" href=\"https:\/\/portal.pronea.gt\/?tag=guatemala\">Guatemala<\/a>, <a class=\"bdpp-post-cat-link bdpp-post-cat-60 bdpp-post-cat-matematicas\" href=\"https:\/\/portal.pronea.gt\/?tag=matematicas\">Matematicas<\/a>, <a class=\"bdpp-post-cat-link bdpp-post-cat-171 bdpp-post-cat-ministerio-de-educacion\" href=\"https:\/\/portal.pronea.gt\/?tag=ministerio-de-educacion\">Ministerio de Educaci\u00f3n<\/a>, <a class=\"bdpp-post-cat-link bdpp-post-cat-57 bdpp-post-cat-pronea\" href=\"https:\/\/portal.pronea.gt\/?tag=pronea\">Pronea<\/a>, <a class=\"bdpp-post-cat-link bdpp-post-cat-303 bdpp-post-cat-proporcionalidad\" href=\"https:\/\/portal.pronea.gt\/?tag=proporcionalidad\">proporcionalidad<\/a>, <a class=\"bdpp-post-cat-link bdpp-post-cat-86 bdpp-post-cat-razon-y-proporcion\" href=\"https:\/\/portal.pronea.gt\/?tag=razon-y-proporcion\">Raz\u00f3n y proporci\u00f3n<\/a>, <a class=\"bdpp-post-cat-link bdpp-post-cat-302 bdpp-post-cat-razones-matematicas\" href=\"https:\/\/portal.pronea.gt\/?tag=razones-matematicas\">razones matem\u00e1ticas<\/a>, <a class=\"bdpp-post-cat-link bdpp-post-cat-304 bdpp-post-cat-regla-de-tres\" href=\"https:\/\/portal.pronea.gt\/?tag=regla-de-tres\">regla de tres<\/a><\/span><\/div>\r\n\t\t\t\t\t<\/div>\r\n\t<\/div>\r\n<\/div>\t<\/div>\r\n\t\t<div class=\"bdpp-paging bdpp-clearfix\">\r\n\t\t<span aria-current=\"page\" class=\"page-numbers current\">1<\/span>\n<a class=\"page-numbers\" href=\"https:\/\/portal.pronea.gt\/index.php?rest_route=%2Fwp%2Fv2%2Fpages%2F951&#038;paged=2\">2<\/a>\n<a class=\"page-numbers\" href=\"https:\/\/portal.pronea.gt\/index.php?rest_route=%2Fwp%2Fv2%2Fpages%2F951&#038;paged=3\">3<\/a>\n<span class=\"page-numbers dots\">&hellip;<\/span>\n<a class=\"page-numbers\" href=\"https:\/\/portal.pronea.gt\/index.php?rest_route=%2Fwp%2Fv2%2Fpages%2F951&#038;paged=16\">16<\/a>\n<a class=\"next page-numbers\" href=\"https:\/\/portal.pronea.gt\/index.php?rest_route=%2Fwp%2Fv2%2Fpages%2F951&#038;paged=2\">Next &raquo;<\/a>\t<\/div>\r\n<\/div>\n<\/div>\n<\/div><\/div>\n<\/div>\n<\/div>\n<\/div>\n<\/div>\n<\/div>\n\n","protected":false},"excerpt":{"rendered":"","protected":false},"author":2,"featured_media":0,"parent":0,"menu_order":0,"comment_status":"closed","ping_status":"closed","template":"","meta":{"_eb_attr":"","rs_blank_template":"","rs_page_bg_color":"","slide_template_v7":"","_price":"","_stock":"","_tribe_ticket_header":"","_tribe_default_ticket_provider":"TEC\\Tickets\\Commerce\\Module","_tribe_ticket_capacity":"0","_ticket_start_date":"","_ticket_end_date":"","_tribe_ticket_show_description":"","_tribe_ticket_show_not_going":false,"_tribe_ticket_use_global_stock":"","_tribe_ticket_global_stock_level":"","_global_stock_mode":"","_global_stock_cap":"","_tribe_rsvp_for_event":"","_tribe_ticket_going_count":"","_tribe_ticket_not_going_count":"","_tribe_tickets_list":"[]","_tribe_ticket_has_attendee_info_fields":false,"footnotes":"","_tec_slr_enabled":"","_tec_slr_layout":""},"class_list":["post-951","page","type-page","status-publish","hentry"],"ticketed":false,"_links":{"self":[{"href":"https:\/\/portal.pronea.gt\/index.php?rest_route=\/wp\/v2\/pages\/951","targetHints":{"allow":["GET"]}}],"collection":[{"href":"https:\/\/portal.pronea.gt\/index.php?rest_route=\/wp\/v2\/pages"}],"about":[{"href":"https:\/\/portal.pronea.gt\/index.php?rest_route=\/wp\/v2\/types\/page"}],"author":[{"embeddable":true,"href":"https:\/\/portal.pronea.gt\/index.php?rest_route=\/wp\/v2\/users\/2"}],"replies":[{"embeddable":true,"href":"https:\/\/portal.pronea.gt\/index.php?rest_route=%2Fwp%2Fv2%2Fcomments&post=951"}],"version-history":[{"count":3,"href":"https:\/\/portal.pronea.gt\/index.php?rest_route=\/wp\/v2\/pages\/951\/revisions"}],"predecessor-version":[{"id":1772,"href":"https:\/\/portal.pronea.gt\/index.php?rest_route=\/wp\/v2\/pages\/951\/revisions\/1772"}],"wp:attachment":[{"href":"https:\/\/portal.pronea.gt\/index.php?rest_route=%2Fwp%2Fv2%2Fmedia&parent=951"}],"curies":[{"name":"wp","href":"https:\/\/api.w.org\/{rel}","templated":true}]}}